{"id":14820,"date":"2024-03-28T13:41:15","date_gmt":"2024-03-28T12:41:15","guid":{"rendered":"https:\/\/www.eu-im-unterricht.de\/?post_type=lp_course&#038;p=14820"},"modified":"2024-05-27T10:23:26","modified_gmt":"2024-05-27T08:23:26","slug":"factors-that-will-shape-europes-future","status":"publish","type":"lp_course","link":"https:\/\/www.eu-im-unterricht.de\/en\/all-lesson-plans\/factors-that-will-shape-europes-future\/","title":{"rendered":"Factors that will shape Europe&#8217;s future"},"content":{"rendered":"<h2><strong>Overview<\/strong><\/h2>\n<p>In the exercise &#8220;Factors that will shape Europe&#8217;s future&#8221;, pupils investigate six areas that are relevant to the EU&#8217;s future development and its position in the world.<\/p>\n<p>The pupils receive factsheets with graphics on different factors that will shape the future of Europe which they should first describe and then analyze.<\/p>\n<p>After this analysis, the students should derive consequences from the developments described and explain why they will be formative for the future of Europe.<\/p>\n<h2><strong>Learning objectives<\/strong><\/h2>\n<ul>\n<li>Pupils can outline six key factors that will shape Europe in the future.<\/li>\n<li>Pupils can deduce developments and trends as well as their consequences from various information (graphics, articles, statistics) on a topic related to the EU.<\/li>\n<\/ul>\n<h2>Materials<\/h2>\n<ol>\n<li>The accompanying presentation<\/li>\n<li>The factsheets on the factors that will shape Europe&#8217;s future<\/li>\n<\/ol>\n<h2>Downloads<\/h2>\n<p><a href=\"https:\/\/www.eu-im-unterricht.de\/wp-content\/uploads\/2024\/03\/DRZ-factors-that-will-shape-Europes-future-overview-1.pdf\" target=\"_blank\" rel=\"noopener\">DRZ &#8211; Factors that will shape Europes future &#8211; Overview<\/a>\u00a0(PDF, 0,8 MB)<br \/>\n<a href=\"https:\/\/www.eu-im-unterricht.de\/wp-content\/uploads\/2024\/03\/DRZ-factors-that-will-shape-Europes-future-presentation-1.pptx\" target=\"_blank\" rel=\"noopener\">DRZ &#8211; Factors that will shape Europes future &#8211; Presentation<\/a>\u00a0(PowerPoint, 14,8 MB)<br \/>\n<a href=\"https:\/\/www.eu-im-unterricht.de\/wp-content\/uploads\/2024\/03\/DRZ-factors-appendix.pdf\" target=\"_blank\" rel=\"noopener\">DRZ &#8211; Factors that will shape Europes future &#8211; Appendix<\/a> (PDF, 1,8 MB)<\/p>\n","protected":false},"excerpt":{"rendered":"<p>Overview In the exercise &#8220;Factors that will shape Europe&#8217;s future&#8221;, pupils investigate six areas that are relevant to the EU&#8217;s future development and its position in the world. The pupils receive factsheets with graphics on different factors that will shape &hellip; <\/p>\n","protected":false},"author":1,"featured_media":14812,"comment_status":"closed","ping_status":"closed","template":"","course_category":[219],"course_tag":[191,234,235,236,238,233,114,118,124,137,237,119],"class_list":["post-14820","lp_course","type-lp_course","status-publish","has-post-thumbnail","hentry","course_category-eu-in-the-world","course_tag-70-90-minutes","course_tag-analysis-of-statistics","course_tag-describe","course_tag-develop","course_tag-from-15-persons","course_tag-from-grade-9","course_tag-general-and-vocational-schools","course_tag-geography","course_tag-group-work","course_tag-history","course_tag-justify","course_tag-politics","course"],"yoast_head":"<!-- This site is optimized with the Yoast SEO plugin v27.5 - https:\/\/yoast.com\/product\/yoast-seo-wordpress\/ -->\n<title>Factors that will shape Europe&#039;s future - EU im Unterricht<\/title>\n<meta name=\"robots\" content=\"index, follow, max-snippet:-1, max-image-preview:large, max-video-preview:-1\" \/>\n<link rel=\"canonical\" href=\"https:\/\/www.eu-im-unterricht.de\/en\/all-lesson-plans\/factors-that-will-shape-europes-future\/\" \/>\n<meta property=\"og:locale\" content=\"en_US\" \/>\n<meta property=\"og:type\" content=\"article\" \/>\n<meta property=\"og:title\" content=\"Factors that will shape Europe&#039;s future - EU im Unterricht\" \/>\n<meta property=\"og:description\" content=\"Overview In the exercise &#8220;Factors that will shape Europe&#8217;s future&#8221;, pupils investigate six areas that are relevant to the EU&#8217;s future development and its position in the world. The pupils receive factsheets with graphics on different factors that will shape &hellip;\" \/>\n<meta property=\"og:url\" content=\"https:\/\/www.eu-im-unterricht.de\/en\/all-lesson-plans\/factors-that-will-shape-europes-future\/\" \/>\n<meta property=\"og:site_name\" content=\"EU im Unterricht\" \/>\n<meta property=\"article:modified_time\" content=\"2024-05-27T08:23:26+00:00\" \/>\n<meta property=\"og:image\" content=\"https:\/\/www.eu-im-unterricht.de\/wp-content\/uploads\/2024\/03\/12-Faktoren-die-Europapraegen-169.png\" \/>\n\t<meta property=\"og:image:width\" content=\"1920\" \/>\n\t<meta property=\"og:image:height\" content=\"1080\" \/>\n\t<meta property=\"og:image:type\" content=\"image\/png\" \/>\n<meta name=\"twitter:card\" content=\"summary_large_image\" \/>\n<meta name=\"twitter:label1\" content=\"Est. reading time\" \/>\n\t<meta name=\"twitter:data1\" content=\"1 minute\" \/>\n<script type=\"application\/ld+json\" class=\"yoast-schema-graph\">{\"@context\":\"https:\\\/\\\/schema.org\",\"@graph\":[{\"@type\":\"WebPage\",\"@id\":\"https:\\\/\\\/www.eu-im-unterricht.de\\\/en\\\/all-lesson-plans\\\/factors-that-will-shape-europes-future\\\/\",\"url\":\"https:\\\/\\\/www.eu-im-unterricht.de\\\/en\\\/all-lesson-plans\\\/factors-that-will-shape-europes-future\\\/\",\"name\":\"Factors that will shape Europe's future - EU im Unterricht\",\"isPartOf\":{\"@id\":\"https:\\\/\\\/www.eu-im-unterricht.de\\\/en\\\/#website\"},\"primaryImageOfPage\":{\"@id\":\"https:\\\/\\\/www.eu-im-unterricht.de\\\/en\\\/all-lesson-plans\\\/factors-that-will-shape-europes-future\\\/#primaryimage\"},\"image\":{\"@id\":\"https:\\\/\\\/www.eu-im-unterricht.de\\\/en\\\/all-lesson-plans\\\/factors-that-will-shape-europes-future\\\/#primaryimage\"},\"thumbnailUrl\":\"https:\\\/\\\/www.eu-im-unterricht.de\\\/wp-content\\\/uploads\\\/2024\\\/03\\\/12-Faktoren-die-Europapraegen-169.png\",\"datePublished\":\"2024-03-28T12:41:15+00:00\",\"dateModified\":\"2024-05-27T08:23:26+00:00\",\"breadcrumb\":{\"@id\":\"https:\\\/\\\/www.eu-im-unterricht.de\\\/en\\\/all-lesson-plans\\\/factors-that-will-shape-europes-future\\\/#breadcrumb\"},\"inLanguage\":\"en-US\",\"potentialAction\":[{\"@type\":\"ReadAction\",\"target\":[\"https:\\\/\\\/www.eu-im-unterricht.de\\\/en\\\/all-lesson-plans\\\/factors-that-will-shape-europes-future\\\/\"]}]},{\"@type\":\"ImageObject\",\"inLanguage\":\"en-US\",\"@id\":\"https:\\\/\\\/www.eu-im-unterricht.de\\\/en\\\/all-lesson-plans\\\/factors-that-will-shape-europes-future\\\/#primaryimage\",\"url\":\"https:\\\/\\\/www.eu-im-unterricht.de\\\/wp-content\\\/uploads\\\/2024\\\/03\\\/12-Faktoren-die-Europapraegen-169.png\",\"contentUrl\":\"https:\\\/\\\/www.eu-im-unterricht.de\\\/wp-content\\\/uploads\\\/2024\\\/03\\\/12-Faktoren-die-Europapraegen-169.png\",\"width\":1920,\"height\":1080},{\"@type\":\"BreadcrumbList\",\"@id\":\"https:\\\/\\\/www.eu-im-unterricht.de\\\/en\\\/all-lesson-plans\\\/factors-that-will-shape-europes-future\\\/#breadcrumb\",\"itemListElement\":[{\"@type\":\"ListItem\",\"position\":1,\"name\":\"Startseite\",\"item\":\"https:\\\/\\\/www.eu-im-unterricht.de\\\/en\\\/\"},{\"@type\":\"ListItem\",\"position\":2,\"name\":\"All Lesson Plans\",\"item\":\"https:\\\/\\\/www.eu-im-unterricht.de\\\/en\\\/all-lesson-plans\\\/\"},{\"@type\":\"ListItem\",\"position\":3,\"name\":\"Factors that will shape Europe&#8217;s future\"}]},{\"@type\":\"WebSite\",\"@id\":\"https:\\\/\\\/www.eu-im-unterricht.de\\\/en\\\/#website\",\"url\":\"https:\\\/\\\/www.eu-im-unterricht.de\\\/en\\\/\",\"name\":\"EU im Unterricht\",\"description\":\"Eine umfassende Sammlung von Unterrichtsmaterialien zur Europ\u00e4ischen Union f\u00fcr Lehrkr\u00e4fte\",\"publisher\":{\"@id\":\"https:\\\/\\\/www.eu-im-unterricht.de\\\/en\\\/#organization\"},\"potentialAction\":[{\"@type\":\"SearchAction\",\"target\":{\"@type\":\"EntryPoint\",\"urlTemplate\":\"https:\\\/\\\/www.eu-im-unterricht.de\\\/en\\\/?s={search_term_string}\"},\"query-input\":{\"@type\":\"PropertyValueSpecification\",\"valueRequired\":true,\"valueName\":\"search_term_string\"}}],\"inLanguage\":\"en-US\"},{\"@type\":\"Organization\",\"@id\":\"https:\\\/\\\/www.eu-im-unterricht.de\\\/en\\\/#organization\",\"name\":\"EU im Unterricht\",\"url\":\"https:\\\/\\\/www.eu-im-unterricht.de\\\/en\\\/\",\"logo\":{\"@type\":\"ImageObject\",\"inLanguage\":\"en-US\",\"@id\":\"https:\\\/\\\/www.eu-im-unterricht.de\\\/en\\\/#\\\/schema\\\/logo\\\/image\\\/\",\"url\":\"https:\\\/\\\/www.eu-im-unterricht.de\\\/wp-content\\\/uploads\\\/2024\\\/03\\\/EU-im-Unterricht-Logo_S.png\",\"contentUrl\":\"https:\\\/\\\/www.eu-im-unterricht.de\\\/wp-content\\\/uploads\\\/2024\\\/03\\\/EU-im-Unterricht-Logo_S.png\",\"width\":1548,\"height\":672,\"caption\":\"EU im Unterricht\"},\"image\":{\"@id\":\"https:\\\/\\\/www.eu-im-unterricht.de\\\/en\\\/#\\\/schema\\\/logo\\\/image\\\/\"}}]}<\/script>\n<!-- \/ Yoast SEO plugin. -->","yoast_head_json":{"title":"Factors that will shape Europe's future - EU im Unterricht","robots":{"index":"index","follow":"follow","max-snippet":"max-snippet:-1","max-image-preview":"max-image-preview:large","max-video-preview":"max-video-preview:-1"},"canonical":"https:\/\/www.eu-im-unterricht.de\/en\/all-lesson-plans\/factors-that-will-shape-europes-future\/","og_locale":"en_US","og_type":"article","og_title":"Factors that will shape Europe's future - EU im Unterricht","og_description":"Overview In the exercise &#8220;Factors that will shape Europe&#8217;s future&#8221;, pupils investigate six areas that are relevant to the EU&#8217;s future development and its position in the world. The pupils receive factsheets with graphics on different factors that will shape &hellip;","og_url":"https:\/\/www.eu-im-unterricht.de\/en\/all-lesson-plans\/factors-that-will-shape-europes-future\/","og_site_name":"EU im Unterricht","article_modified_time":"2024-05-27T08:23:26+00:00","og_image":[{"width":1920,"height":1080,"url":"https:\/\/www.eu-im-unterricht.de\/wp-content\/uploads\/2024\/03\/12-Faktoren-die-Europapraegen-169.png","type":"image\/png"}],"twitter_card":"summary_large_image","twitter_misc":{"Est. reading time":"1 minute"},"schema":{"@context":"https:\/\/schema.org","@graph":[{"@type":"WebPage","@id":"https:\/\/www.eu-im-unterricht.de\/en\/all-lesson-plans\/factors-that-will-shape-europes-future\/","url":"https:\/\/www.eu-im-unterricht.de\/en\/all-lesson-plans\/factors-that-will-shape-europes-future\/","name":"Factors that will shape Europe's future - EU im Unterricht","isPartOf":{"@id":"https:\/\/www.eu-im-unterricht.de\/en\/#website"},"primaryImageOfPage":{"@id":"https:\/\/www.eu-im-unterricht.de\/en\/all-lesson-plans\/factors-that-will-shape-europes-future\/#primaryimage"},"image":{"@id":"https:\/\/www.eu-im-unterricht.de\/en\/all-lesson-plans\/factors-that-will-shape-europes-future\/#primaryimage"},"thumbnailUrl":"https:\/\/www.eu-im-unterricht.de\/wp-content\/uploads\/2024\/03\/12-Faktoren-die-Europapraegen-169.png","datePublished":"2024-03-28T12:41:15+00:00","dateModified":"2024-05-27T08:23:26+00:00","breadcrumb":{"@id":"https:\/\/www.eu-im-unterricht.de\/en\/all-lesson-plans\/factors-that-will-shape-europes-future\/#breadcrumb"},"inLanguage":"en-US","potentialAction":[{"@type":"ReadAction","target":["https:\/\/www.eu-im-unterricht.de\/en\/all-lesson-plans\/factors-that-will-shape-europes-future\/"]}]},{"@type":"ImageObject","inLanguage":"en-US","@id":"https:\/\/www.eu-im-unterricht.de\/en\/all-lesson-plans\/factors-that-will-shape-europes-future\/#primaryimage","url":"https:\/\/www.eu-im-unterricht.de\/wp-content\/uploads\/2024\/03\/12-Faktoren-die-Europapraegen-169.png","contentUrl":"https:\/\/www.eu-im-unterricht.de\/wp-content\/uploads\/2024\/03\/12-Faktoren-die-Europapraegen-169.png","width":1920,"height":1080},{"@type":"BreadcrumbList","@id":"https:\/\/www.eu-im-unterricht.de\/en\/all-lesson-plans\/factors-that-will-shape-europes-future\/#breadcrumb","itemListElement":[{"@type":"ListItem","position":1,"name":"Startseite","item":"https:\/\/www.eu-im-unterricht.de\/en\/"},{"@type":"ListItem","position":2,"name":"All Lesson Plans","item":"https:\/\/www.eu-im-unterricht.de\/en\/all-lesson-plans\/"},{"@type":"ListItem","position":3,"name":"Factors that will shape Europe&#8217;s future"}]},{"@type":"WebSite","@id":"https:\/\/www.eu-im-unterricht.de\/en\/#website","url":"https:\/\/www.eu-im-unterricht.de\/en\/","name":"EU im Unterricht","description":"Eine umfassende Sammlung von Unterrichtsmaterialien zur Europ\u00e4ischen Union f\u00fcr Lehrkr\u00e4fte","publisher":{"@id":"https:\/\/www.eu-im-unterricht.de\/en\/#organization"},"potentialAction":[{"@type":"SearchAction","target":{"@type":"EntryPoint","urlTemplate":"https:\/\/www.eu-im-unterricht.de\/en\/?s={search_term_string}"},"query-input":{"@type":"PropertyValueSpecification","valueRequired":true,"valueName":"search_term_string"}}],"inLanguage":"en-US"},{"@type":"Organization","@id":"https:\/\/www.eu-im-unterricht.de\/en\/#organization","name":"EU im Unterricht","url":"https:\/\/www.eu-im-unterricht.de\/en\/","logo":{"@type":"ImageObject","inLanguage":"en-US","@id":"https:\/\/www.eu-im-unterricht.de\/en\/#\/schema\/logo\/image\/","url":"https:\/\/www.eu-im-unterricht.de\/wp-content\/uploads\/2024\/03\/EU-im-Unterricht-Logo_S.png","contentUrl":"https:\/\/www.eu-im-unterricht.de\/wp-content\/uploads\/2024\/03\/EU-im-Unterricht-Logo_S.png","width":1548,"height":672,"caption":"EU im Unterricht"},"image":{"@id":"https:\/\/www.eu-im-unterricht.de\/en\/#\/schema\/logo\/image\/"}}]}},"_links":{"self":[{"href":"https:\/\/www.eu-im-unterricht.de\/en\/wp-json\/wp\/v2\/lp_course\/14820","targetHints":{"allow":["GET"]}}],"collection":[{"href":"https:\/\/www.eu-im-unterricht.de\/en\/wp-json\/wp\/v2\/lp_course"}],"about":[{"href":"https:\/\/www.eu-im-unterricht.de\/en\/wp-json\/wp\/v2\/types\/lp_course"}],"author":[{"embeddable":true,"href":"https:\/\/www.eu-im-unterricht.de\/en\/wp-json\/wp\/v2\/users\/1"}],"replies":[{"embeddable":true,"href":"https:\/\/www.eu-im-unterricht.de\/en\/wp-json\/wp\/v2\/comments?post=14820"}],"version-history":[{"count":2,"href":"https:\/\/www.eu-im-unterricht.de\/en\/wp-json\/wp\/v2\/lp_course\/14820\/revisions"}],"predecessor-version":[{"id":15131,"href":"https:\/\/www.eu-im-unterricht.de\/en\/wp-json\/wp\/v2\/lp_course\/14820\/revisions\/15131"}],"wp:featuredmedia":[{"embeddable":true,"href":"https:\/\/www.eu-im-unterricht.de\/en\/wp-json\/wp\/v2\/media\/14812"}],"wp:attachment":[{"href":"https:\/\/www.eu-im-unterricht.de\/en\/wp-json\/wp\/v2\/media?parent=14820"}],"wp:term":[{"taxonomy":"course_category","embeddable":true,"href":"https:\/\/www.eu-im-unterricht.de\/en\/wp-json\/wp\/v2\/course_category?post=14820"},{"taxonomy":"course_tag","embeddable":true,"href":"https:\/\/www.eu-im-unterricht.de\/en\/wp-json\/wp\/v2\/course_tag?post=14820"}],"curies":[{"name":"wp","href":"https:\/\/api.w.org\/{rel}","templated":true}]}}