{"id":14475,"date":"2024-03-04T15:10:08","date_gmt":"2024-03-04T14:10:08","guid":{"rendered":"http:\/\/www.eu-im-unterricht.de\/?post_type=lp_course&#038;p=14475"},"modified":"2024-05-27T15:21:46","modified_gmt":"2024-05-27T13:21:46","slug":"eu-integration-a-timeline-in-the-form-of-a-memory","status":"publish","type":"lp_course","link":"https:\/\/www.eu-im-unterricht.de\/en\/all-lesson-plans\/eu-integration-a-timeline-in-the-form-of-a-memory\/","title":{"rendered":"EU Integration &#8211; a timeline in memory form"},"content":{"rendered":"<h2><strong>Overview<\/strong><\/h2>\n<p>The exercise &#8220;EU integration &#8211; a timeline in memory form&#8221; is a playful exploration of the history of European integration. With the help of a memory, the students get to know the most important events of European integration and then arrange them in a timeline. This way, the students reproduce the most important events of the European integration process and evaluate them in order to place them in chronological order.<\/p>\n<h2><strong>Learning objectives<\/strong><\/h2>\n<ul>\n<li>Students learn about the most important events of European integration.<\/li>\n<li>Students are able to organize the various steps of European integration chronologically and reproduce them.<\/li>\n<\/ul>\n<h2>Materials<\/h2>\n<ol>\n<li>The accompanying PowerPoint presentation<\/li>\n<li>The Memory of European Integration<\/li>\n<\/ol>\n<h2>Downloads<\/h2>\n<p><a href=\"https:\/\/www.eu-im-unterricht.de\/wp-content\/uploads\/2024\/03\/DRZ-timeline-EU-integration-Handout-1.pdf\" target=\"_blank\" rel=\"noopener\">DRZ &#8211; Timeline EU integration &#8211; Overview<\/a>\u00a0(PDF, 0,8 MB)<br \/>\n<a href=\"https:\/\/www.eu-im-unterricht.de\/wp-content\/uploads\/2024\/03\/DRZ-timeline-EU-integration-presentation-1.pptx\" target=\"_blank\" rel=\"noopener\">DRZ &#8211; Timeline EU integration &#8211; Presentation<\/a> (PowerPoint, 12,5 MB)<br \/>\n<a href=\"https:\/\/www.eu-im-unterricht.de\/wp-content\/uploads\/2024\/03\/DRZ-timeline-EU-integration_memory-appendix-1.pdf\" target=\"_blank\" rel=\"noopener\">DRZ &#8211; Timeline EU integration &#8211; Appendix<\/a> (PDF, 1,7 MB)<\/p>\n","protected":false},"excerpt":{"rendered":"<p>Gemeinsamkeiten und Unterschiede der Lebenswelten von EU-B\u00fcrger*innen kennenlernen<\/p>\n","protected":false},"author":1,"featured_media":14474,"comment_status":"closed","ping_status":"closed","template":"","course_category":[143],"course_tag":[136,140,139,114,124,137,142,141,119,138,135],"class_list":["post-14475","lp_course","type-lp_course","status-publish","has-post-thumbnail","hentry","course_category-european-integration","course_tag-90-minutes","course_tag-evaluate","course_tag-explain","course_tag-general-and-vocational-schools","course_tag-group-work","course_tag-history","course_tag-memory-en","course_tag-minimum-of-six-people","course_tag-politics","course_tag-reproduce","course_tag-sek-ii","course"],"yoast_head":"<!-- This site is optimized with the Yoast SEO plugin v27.5 - https:\/\/yoast.com\/product\/yoast-seo-wordpress\/ -->\n<title>EU Integration - a timeline in memory form - EU im Unterricht<\/title>\n<meta name=\"robots\" content=\"index, follow, max-snippet:-1, max-image-preview:large, max-video-preview:-1\" \/>\n<link rel=\"canonical\" href=\"https:\/\/www.eu-im-unterricht.de\/en\/all-lesson-plans\/eu-integration-a-timeline-in-the-form-of-a-memory\/\" \/>\n<meta property=\"og:locale\" content=\"en_US\" \/>\n<meta property=\"og:type\" content=\"article\" \/>\n<meta property=\"og:title\" content=\"EU Integration - a timeline in memory form - EU im Unterricht\" \/>\n<meta property=\"og:description\" content=\"Gemeinsamkeiten und Unterschiede der Lebenswelten von EU-B\u00fcrger*innen kennenlernen\" \/>\n<meta property=\"og:url\" content=\"https:\/\/www.eu-im-unterricht.de\/en\/all-lesson-plans\/eu-integration-a-timeline-in-the-form-of-a-memory\/\" \/>\n<meta property=\"og:site_name\" content=\"EU im Unterricht\" \/>\n<meta property=\"article:modified_time\" content=\"2024-05-27T13:21:46+00:00\" \/>\n<meta property=\"og:image\" content=\"https:\/\/www.eu-im-unterricht.de\/wp-content\/uploads\/2024\/03\/3-Zeitstrahl-169.jpg\" \/>\n\t<meta property=\"og:image:width\" content=\"1920\" \/>\n\t<meta property=\"og:image:height\" content=\"1080\" \/>\n\t<meta property=\"og:image:type\" content=\"image\/jpeg\" \/>\n<meta name=\"twitter:card\" content=\"summary_large_image\" \/>\n<meta name=\"twitter:label1\" content=\"Est. reading time\" \/>\n\t<meta name=\"twitter:data1\" content=\"1 minute\" \/>\n<script type=\"application\/ld+json\" class=\"yoast-schema-graph\">{\"@context\":\"https:\\\/\\\/schema.org\",\"@graph\":[{\"@type\":\"WebPage\",\"@id\":\"https:\\\/\\\/www.eu-im-unterricht.de\\\/en\\\/all-lesson-plans\\\/eu-integration-a-timeline-in-the-form-of-a-memory\\\/\",\"url\":\"https:\\\/\\\/www.eu-im-unterricht.de\\\/en\\\/all-lesson-plans\\\/eu-integration-a-timeline-in-the-form-of-a-memory\\\/\",\"name\":\"EU Integration - a timeline in memory form - EU im Unterricht\",\"isPartOf\":{\"@id\":\"https:\\\/\\\/www.eu-im-unterricht.de\\\/en\\\/#website\"},\"primaryImageOfPage\":{\"@id\":\"https:\\\/\\\/www.eu-im-unterricht.de\\\/en\\\/all-lesson-plans\\\/eu-integration-a-timeline-in-the-form-of-a-memory\\\/#primaryimage\"},\"image\":{\"@id\":\"https:\\\/\\\/www.eu-im-unterricht.de\\\/en\\\/all-lesson-plans\\\/eu-integration-a-timeline-in-the-form-of-a-memory\\\/#primaryimage\"},\"thumbnailUrl\":\"https:\\\/\\\/www.eu-im-unterricht.de\\\/wp-content\\\/uploads\\\/2024\\\/03\\\/3-Zeitstrahl-169.jpg\",\"datePublished\":\"2024-03-04T14:10:08+00:00\",\"dateModified\":\"2024-05-27T13:21:46+00:00\",\"breadcrumb\":{\"@id\":\"https:\\\/\\\/www.eu-im-unterricht.de\\\/en\\\/all-lesson-plans\\\/eu-integration-a-timeline-in-the-form-of-a-memory\\\/#breadcrumb\"},\"inLanguage\":\"en-US\",\"potentialAction\":[{\"@type\":\"ReadAction\",\"target\":[\"https:\\\/\\\/www.eu-im-unterricht.de\\\/en\\\/all-lesson-plans\\\/eu-integration-a-timeline-in-the-form-of-a-memory\\\/\"]}]},{\"@type\":\"ImageObject\",\"inLanguage\":\"en-US\",\"@id\":\"https:\\\/\\\/www.eu-im-unterricht.de\\\/en\\\/all-lesson-plans\\\/eu-integration-a-timeline-in-the-form-of-a-memory\\\/#primaryimage\",\"url\":\"https:\\\/\\\/www.eu-im-unterricht.de\\\/wp-content\\\/uploads\\\/2024\\\/03\\\/3-Zeitstrahl-169.jpg\",\"contentUrl\":\"https:\\\/\\\/www.eu-im-unterricht.de\\\/wp-content\\\/uploads\\\/2024\\\/03\\\/3-Zeitstrahl-169.jpg\",\"width\":1920,\"height\":1080},{\"@type\":\"BreadcrumbList\",\"@id\":\"https:\\\/\\\/www.eu-im-unterricht.de\\\/en\\\/all-lesson-plans\\\/eu-integration-a-timeline-in-the-form-of-a-memory\\\/#breadcrumb\",\"itemListElement\":[{\"@type\":\"ListItem\",\"position\":1,\"name\":\"Startseite\",\"item\":\"https:\\\/\\\/www.eu-im-unterricht.de\\\/en\\\/\"},{\"@type\":\"ListItem\",\"position\":2,\"name\":\"All Lesson Plans\",\"item\":\"https:\\\/\\\/www.eu-im-unterricht.de\\\/en\\\/all-lesson-plans\\\/\"},{\"@type\":\"ListItem\",\"position\":3,\"name\":\"EU Integration &#8211; a timeline in memory form\"}]},{\"@type\":\"WebSite\",\"@id\":\"https:\\\/\\\/www.eu-im-unterricht.de\\\/en\\\/#website\",\"url\":\"https:\\\/\\\/www.eu-im-unterricht.de\\\/en\\\/\",\"name\":\"EU im Unterricht\",\"description\":\"Eine umfassende Sammlung von Unterrichtsmaterialien zur Europ\u00e4ischen Union f\u00fcr Lehrkr\u00e4fte\",\"publisher\":{\"@id\":\"https:\\\/\\\/www.eu-im-unterricht.de\\\/en\\\/#organization\"},\"potentialAction\":[{\"@type\":\"SearchAction\",\"target\":{\"@type\":\"EntryPoint\",\"urlTemplate\":\"https:\\\/\\\/www.eu-im-unterricht.de\\\/en\\\/?s={search_term_string}\"},\"query-input\":{\"@type\":\"PropertyValueSpecification\",\"valueRequired\":true,\"valueName\":\"search_term_string\"}}],\"inLanguage\":\"en-US\"},{\"@type\":\"Organization\",\"@id\":\"https:\\\/\\\/www.eu-im-unterricht.de\\\/en\\\/#organization\",\"name\":\"EU im Unterricht\",\"url\":\"https:\\\/\\\/www.eu-im-unterricht.de\\\/en\\\/\",\"logo\":{\"@type\":\"ImageObject\",\"inLanguage\":\"en-US\",\"@id\":\"https:\\\/\\\/www.eu-im-unterricht.de\\\/en\\\/#\\\/schema\\\/logo\\\/image\\\/\",\"url\":\"https:\\\/\\\/www.eu-im-unterricht.de\\\/wp-content\\\/uploads\\\/2024\\\/03\\\/EU-im-Unterricht-Logo_S.png\",\"contentUrl\":\"https:\\\/\\\/www.eu-im-unterricht.de\\\/wp-content\\\/uploads\\\/2024\\\/03\\\/EU-im-Unterricht-Logo_S.png\",\"width\":1548,\"height\":672,\"caption\":\"EU im Unterricht\"},\"image\":{\"@id\":\"https:\\\/\\\/www.eu-im-unterricht.de\\\/en\\\/#\\\/schema\\\/logo\\\/image\\\/\"}}]}<\/script>\n<!-- \/ Yoast SEO plugin. -->","yoast_head_json":{"title":"EU Integration - a timeline in memory form - EU im Unterricht","robots":{"index":"index","follow":"follow","max-snippet":"max-snippet:-1","max-image-preview":"max-image-preview:large","max-video-preview":"max-video-preview:-1"},"canonical":"https:\/\/www.eu-im-unterricht.de\/en\/all-lesson-plans\/eu-integration-a-timeline-in-the-form-of-a-memory\/","og_locale":"en_US","og_type":"article","og_title":"EU Integration - a timeline in memory form - EU im Unterricht","og_description":"Gemeinsamkeiten und Unterschiede der Lebenswelten von EU-B\u00fcrger*innen kennenlernen","og_url":"https:\/\/www.eu-im-unterricht.de\/en\/all-lesson-plans\/eu-integration-a-timeline-in-the-form-of-a-memory\/","og_site_name":"EU im Unterricht","article_modified_time":"2024-05-27T13:21:46+00:00","og_image":[{"width":1920,"height":1080,"url":"https:\/\/www.eu-im-unterricht.de\/wp-content\/uploads\/2024\/03\/3-Zeitstrahl-169.jpg","type":"image\/jpeg"}],"twitter_card":"summary_large_image","twitter_misc":{"Est. reading time":"1 minute"},"schema":{"@context":"https:\/\/schema.org","@graph":[{"@type":"WebPage","@id":"https:\/\/www.eu-im-unterricht.de\/en\/all-lesson-plans\/eu-integration-a-timeline-in-the-form-of-a-memory\/","url":"https:\/\/www.eu-im-unterricht.de\/en\/all-lesson-plans\/eu-integration-a-timeline-in-the-form-of-a-memory\/","name":"EU Integration - a timeline in memory form - EU im Unterricht","isPartOf":{"@id":"https:\/\/www.eu-im-unterricht.de\/en\/#website"},"primaryImageOfPage":{"@id":"https:\/\/www.eu-im-unterricht.de\/en\/all-lesson-plans\/eu-integration-a-timeline-in-the-form-of-a-memory\/#primaryimage"},"image":{"@id":"https:\/\/www.eu-im-unterricht.de\/en\/all-lesson-plans\/eu-integration-a-timeline-in-the-form-of-a-memory\/#primaryimage"},"thumbnailUrl":"https:\/\/www.eu-im-unterricht.de\/wp-content\/uploads\/2024\/03\/3-Zeitstrahl-169.jpg","datePublished":"2024-03-04T14:10:08+00:00","dateModified":"2024-05-27T13:21:46+00:00","breadcrumb":{"@id":"https:\/\/www.eu-im-unterricht.de\/en\/all-lesson-plans\/eu-integration-a-timeline-in-the-form-of-a-memory\/#breadcrumb"},"inLanguage":"en-US","potentialAction":[{"@type":"ReadAction","target":["https:\/\/www.eu-im-unterricht.de\/en\/all-lesson-plans\/eu-integration-a-timeline-in-the-form-of-a-memory\/"]}]},{"@type":"ImageObject","inLanguage":"en-US","@id":"https:\/\/www.eu-im-unterricht.de\/en\/all-lesson-plans\/eu-integration-a-timeline-in-the-form-of-a-memory\/#primaryimage","url":"https:\/\/www.eu-im-unterricht.de\/wp-content\/uploads\/2024\/03\/3-Zeitstrahl-169.jpg","contentUrl":"https:\/\/www.eu-im-unterricht.de\/wp-content\/uploads\/2024\/03\/3-Zeitstrahl-169.jpg","width":1920,"height":1080},{"@type":"BreadcrumbList","@id":"https:\/\/www.eu-im-unterricht.de\/en\/all-lesson-plans\/eu-integration-a-timeline-in-the-form-of-a-memory\/#breadcrumb","itemListElement":[{"@type":"ListItem","position":1,"name":"Startseite","item":"https:\/\/www.eu-im-unterricht.de\/en\/"},{"@type":"ListItem","position":2,"name":"All Lesson Plans","item":"https:\/\/www.eu-im-unterricht.de\/en\/all-lesson-plans\/"},{"@type":"ListItem","position":3,"name":"EU Integration &#8211; a timeline in memory form"}]},{"@type":"WebSite","@id":"https:\/\/www.eu-im-unterricht.de\/en\/#website","url":"https:\/\/www.eu-im-unterricht.de\/en\/","name":"EU im Unterricht","description":"Eine umfassende Sammlung von Unterrichtsmaterialien zur Europ\u00e4ischen Union f\u00fcr Lehrkr\u00e4fte","publisher":{"@id":"https:\/\/www.eu-im-unterricht.de\/en\/#organization"},"potentialAction":[{"@type":"SearchAction","target":{"@type":"EntryPoint","urlTemplate":"https:\/\/www.eu-im-unterricht.de\/en\/?s={search_term_string}"},"query-input":{"@type":"PropertyValueSpecification","valueRequired":true,"valueName":"search_term_string"}}],"inLanguage":"en-US"},{"@type":"Organization","@id":"https:\/\/www.eu-im-unterricht.de\/en\/#organization","name":"EU im Unterricht","url":"https:\/\/www.eu-im-unterricht.de\/en\/","logo":{"@type":"ImageObject","inLanguage":"en-US","@id":"https:\/\/www.eu-im-unterricht.de\/en\/#\/schema\/logo\/image\/","url":"https:\/\/www.eu-im-unterricht.de\/wp-content\/uploads\/2024\/03\/EU-im-Unterricht-Logo_S.png","contentUrl":"https:\/\/www.eu-im-unterricht.de\/wp-content\/uploads\/2024\/03\/EU-im-Unterricht-Logo_S.png","width":1548,"height":672,"caption":"EU im Unterricht"},"image":{"@id":"https:\/\/www.eu-im-unterricht.de\/en\/#\/schema\/logo\/image\/"}}]}},"_links":{"self":[{"href":"https:\/\/www.eu-im-unterricht.de\/en\/wp-json\/wp\/v2\/lp_course\/14475","targetHints":{"allow":["GET"]}}],"collection":[{"href":"https:\/\/www.eu-im-unterricht.de\/en\/wp-json\/wp\/v2\/lp_course"}],"about":[{"href":"https:\/\/www.eu-im-unterricht.de\/en\/wp-json\/wp\/v2\/types\/lp_course"}],"author":[{"embeddable":true,"href":"https:\/\/www.eu-im-unterricht.de\/en\/wp-json\/wp\/v2\/users\/1"}],"replies":[{"embeddable":true,"href":"https:\/\/www.eu-im-unterricht.de\/en\/wp-json\/wp\/v2\/comments?post=14475"}],"version-history":[{"count":7,"href":"https:\/\/www.eu-im-unterricht.de\/en\/wp-json\/wp\/v2\/lp_course\/14475\/revisions"}],"predecessor-version":[{"id":15293,"href":"https:\/\/www.eu-im-unterricht.de\/en\/wp-json\/wp\/v2\/lp_course\/14475\/revisions\/15293"}],"wp:featuredmedia":[{"embeddable":true,"href":"https:\/\/www.eu-im-unterricht.de\/en\/wp-json\/wp\/v2\/media\/14474"}],"wp:attachment":[{"href":"https:\/\/www.eu-im-unterricht.de\/en\/wp-json\/wp\/v2\/media?parent=14475"}],"wp:term":[{"taxonomy":"course_category","embeddable":true,"href":"https:\/\/www.eu-im-unterricht.de\/en\/wp-json\/wp\/v2\/course_category?post=14475"},{"taxonomy":"course_tag","embeddable":true,"href":"https:\/\/www.eu-im-unterricht.de\/en\/wp-json\/wp\/v2\/course_tag?post=14475"}],"curies":[{"name":"wp","href":"https:\/\/api.w.org\/{rel}","templated":true}]}}